{"id":374,"date":"2025-05-19T07:52:19","date_gmt":"2025-05-19T05:52:19","guid":{"rendered":"https:\/\/carmenloew.com\/?page_id=374"},"modified":"2026-08-21T12:39:17","modified_gmt":"2026-08-21T10:39:17","slug":"carmens-blog-2","status":"publish","type":"page","link":"https:\/\/carmenloew.com\/en\/carmens-blog-2\/","title":{"rendered":"Carmen&#8217;s Blog"},"content":{"rendered":"<p class=\"wp-block-paragraph\"><em>AI transparency: I use AI tools as part of my research, writing and editorial process, including for structuring, language refinement and sparring. The ideas, professional perspectives, judgments and final editorial decisions are my own.<\/em><\/p>\n\n\n\n<div class=\"wp-block-group alignfull is-layout-constrained wp-block-group-is-layout-constrained\">\n<div class=\"wp-block-query is-layout-flow wp-block-query-is-layout-flow\"><ul class=\"wp-block-post-template is-layout-flow wp-block-post-template-is-layout-flow\"><li class=\"wp-block-post post-1607 post type-post status-publish format-standard has-post-thumbnail hentry category-allgemein\">\n\n<div class=\"wp-block-group is-layout-constrained wp-container-core-group-is-layout-fb14faca wp-block-group-is-layout-constrained\" style=\"padding-bottom:3rem\">\n<div class=\"wp-block-group is-layout-constrained wp-container-core-group-is-layout-842e55c2 wp-block-group-is-layout-constrained\"><div class=\"wp-block-post-date\"><time datetime=\"2026-08-28T11:18:56+02:00\">28. August 2026<\/time><\/div>\n\n<h2 style=\"font-style:normal;font-weight:700\" class=\"has-link-color wp-elements-1 wp-block-post-title\"><a href=\"https:\/\/carmenloew.com\/en\/ai-adoption-und-die-zukunft-menschlicher-expertise\/\" target=\"_self\" >AI Adoption and the Future of Human Expertise<\/a><\/h2><\/div>\n\n\n\n<div class=\"wp-block-columns is-layout-flex wp-container-core-columns-is-layout-f56f613f wp-block-columns-is-layout-flex\">\n<div class=\"wp-block-column is-layout-flow wp-block-column-is-layout-flow\" style=\"flex-basis:100%\"><figure class=\"wp-block-post-featured-image wp-duotone-unset-1\"><a href=\"https:\/\/carmenloew.com\/en\/ai-adoption-und-die-zukunft-menschlicher-expertise\/\" target=\"_self\" ><img loading=\"lazy\" decoding=\"async\" width=\"1024\" height=\"683\" src=\"https:\/\/i0.wp.com\/carmenloew.com\/wp-content\/uploads\/2026\/08\/pexels-photo-3861969.jpeg?fit=1024%2C683&amp;ssl=1\" class=\"attachment-large size-large wp-post-image\" alt=\"AI Adoption und die Zukunft menschlicher Expertise\" style=\"aspect-ratio:4\/3;width:100%;object-fit:cover;\" srcset=\"https:\/\/i0.wp.com\/carmenloew.com\/wp-content\/uploads\/2026\/08\/pexels-photo-3861969.jpeg?w=1880&amp;ssl=1 1880w, https:\/\/i0.wp.com\/carmenloew.com\/wp-content\/uploads\/2026\/08\/pexels-photo-3861969.jpeg?resize=300%2C200&amp;ssl=1 300w, https:\/\/i0.wp.com\/carmenloew.com\/wp-content\/uploads\/2026\/08\/pexels-photo-3861969.jpeg?resize=1024%2C683&amp;ssl=1 1024w, https:\/\/i0.wp.com\/carmenloew.com\/wp-content\/uploads\/2026\/08\/pexels-photo-3861969.jpeg?resize=768%2C512&amp;ssl=1 768w, https:\/\/i0.wp.com\/carmenloew.com\/wp-content\/uploads\/2026\/08\/pexels-photo-3861969.jpeg?resize=1536%2C1025&amp;ssl=1 1536w, https:\/\/i0.wp.com\/carmenloew.com\/wp-content\/uploads\/2026\/08\/pexels-photo-3861969.jpeg?resize=18%2C12&amp;ssl=1 18w\" sizes=\"auto, (max-width: 1000px) 100vw, 1000px\" data-attachment-id=\"1612\" data-permalink=\"https:\/\/carmenloew.com\/en\/ai-adoption-und-die-zukunft-menschlicher-expertise\/pexels-photo-3861969-2\/\" data-orig-file=\"https:\/\/i0.wp.com\/carmenloew.com\/wp-content\/uploads\/2026\/08\/pexels-photo-3861969.jpeg?fit=1880%2C1254&amp;ssl=1\" data-orig-size=\"1880,1254\" data-comments-opened=\"1\" data-image-meta=\"{&quot;aperture&quot;:&quot;0&quot;,&quot;credit&quot;:&quot;Photo: Harry Parvin&quot;,&quot;camera&quot;:&quot;&quot;,&quot;caption&quot;:&quot;Photo by ThisIsEngineering on &lt;a href=\\&quot;https:\/\/www.pexels.com\/photo\/code-projected-over-woman-3861969\/\\&quot; rel=\\&quot;nofollow\\&quot;&gt;Pexels.com&lt;\/a&gt;&quot;,&quot;created_timestamp&quot;:&quot;0&quot;,&quot;copyright&quot;:&quot;&quot;,&quot;focal_length&quot;:&quot;0&quot;,&quot;iso&quot;:&quot;0&quot;,&quot;shutter_speed&quot;:&quot;0&quot;,&quot;title&quot;:&quot;code projected over woman&quot;,&quot;orientation&quot;:&quot;1&quot;,&quot;alt&quot;:&quot;&quot;}\" data-image-title=\"pexels-photo-3861969\" data-image-description=\"\" data-image-caption=\"&lt;p&gt;Photo by ThisIsEngineering on &lt;a href=&quot;https:\/\/www.pexels.com\/photo\/code-projected-over-woman-3861969\/&quot; rel=&quot;nofollow&quot;&gt;Pexels.com&lt;\/a&gt;&lt;\/p&gt;\" data-large-file=\"https:\/\/i0.wp.com\/carmenloew.com\/wp-content\/uploads\/2026\/08\/pexels-photo-3861969.jpeg?fit=1024%2C683&amp;ssl=1\" \/><\/a><\/figure><\/div>\n<\/div>\n\n\n<div class=\"wp-block-post-excerpt\"><p class=\"wp-block-post-excerpt__excerpt\">AI er\u00f6ffnet enorme M\u00f6glichkeiten, Arbeit schneller und besser zu machen. Gleichzeitig w\u00e4chst die Sorge, dass wir F\u00e4higkeiten verlieren k\u00f6nnten, wenn wir immer mehr Arbeit an AI delegieren. Dass wir Arbeit und damit auch Wissen, Routinen und praktische F\u00e4higkeiten delegieren, ist allerdings keineswegs neu. Spezialisierung und Arbeitsteilung gibt es seit sehr langer Zeit, in gr\u00f6\u00dferem Ma\u00dfstab&hellip;<\/p><p class=\"wp-block-post-excerpt__more-text\"><a class=\"wp-block-post-excerpt__more-link\" href=\"https:\/\/carmenloew.com\/en\/ai-adoption-und-die-zukunft-menschlicher-expertise\/\">Read more<\/a><\/p><\/div><\/div>\n\n<\/li><li class=\"wp-block-post post-1593 post type-post status-publish format-standard has-post-thumbnail hentry category-allgemein\">\n\n<div class=\"wp-block-group is-layout-constrained wp-container-core-group-is-layout-fb14faca wp-block-group-is-layout-constrained\" style=\"padding-bottom:3rem\">\n<div class=\"wp-block-group is-layout-constrained wp-container-core-group-is-layout-842e55c2 wp-block-group-is-layout-constrained\"><div class=\"wp-block-post-date\"><time datetime=\"2026-08-21T12:35:57+02:00\">21. August 2026<\/time><\/div>\n\n<h2 style=\"font-style:normal;font-weight:700\" class=\"has-link-color wp-elements-2 wp-block-post-title\"><a href=\"https:\/\/carmenloew.com\/en\/gute-wissenschaftskommunikation-beginnt-mit-targets\/\" target=\"_self\" >Good science communication defines its targets first.<\/a><\/h2><\/div>\n\n\n\n<div class=\"wp-block-columns is-layout-flex wp-container-core-columns-is-layout-f56f613f wp-block-columns-is-layout-flex\">\n<div class=\"wp-block-column is-layout-flow wp-block-column-is-layout-flow\" style=\"flex-basis:100%\"><figure class=\"wp-block-post-featured-image wp-duotone-unset-2\"><a href=\"https:\/\/carmenloew.com\/en\/gute-wissenschaftskommunikation-beginnt-mit-targets\/\" target=\"_self\" ><img loading=\"lazy\" decoding=\"async\" width=\"800\" height=\"450\" src=\"https:\/\/i0.wp.com\/carmenloew.com\/wp-content\/uploads\/2026\/08\/1492512481.4641-tag-der-offenen-unterwasser-ausgrabung-bei-den-pfahlbauten-von-weyregg-xgaCvw.jpg?fit=800%2C450&amp;ssl=1\" class=\"attachment-large size-large wp-post-image\" alt=\"Gute Wissenschaftskommunikation beginnt mit Targets\" style=\"aspect-ratio:4\/3;width:100%;object-fit:cover;\" srcset=\"https:\/\/i0.wp.com\/carmenloew.com\/wp-content\/uploads\/2026\/08\/1492512481.4641-tag-der-offenen-unterwasser-ausgrabung-bei-den-pfahlbauten-von-weyregg-xgaCvw.jpg?w=800&amp;ssl=1 800w, https:\/\/i0.wp.com\/carmenloew.com\/wp-content\/uploads\/2026\/08\/1492512481.4641-tag-der-offenen-unterwasser-ausgrabung-bei-den-pfahlbauten-von-weyregg-xgaCvw.jpg?resize=300%2C169&amp;ssl=1 300w, https:\/\/i0.wp.com\/carmenloew.com\/wp-content\/uploads\/2026\/08\/1492512481.4641-tag-der-offenen-unterwasser-ausgrabung-bei-den-pfahlbauten-von-weyregg-xgaCvw.jpg?resize=768%2C432&amp;ssl=1 768w, https:\/\/i0.wp.com\/carmenloew.com\/wp-content\/uploads\/2026\/08\/1492512481.4641-tag-der-offenen-unterwasser-ausgrabung-bei-den-pfahlbauten-von-weyregg-xgaCvw.jpg?resize=18%2C10&amp;ssl=1 18w\" sizes=\"auto, (max-width: 800px) 100vw, 800px\" data-attachment-id=\"1596\" data-permalink=\"https:\/\/carmenloew.com\/en\/gute-wissenschaftskommunikation-beginnt-mit-targets\/1492512481-4641-tag-der-offenen-unterwasser-ausgrabung-bei-den-pfahlbauten-von-weyregg-xgacvw\/\" data-orig-file=\"https:\/\/i0.wp.com\/carmenloew.com\/wp-content\/uploads\/2026\/08\/1492512481.4641-tag-der-offenen-unterwasser-ausgrabung-bei-den-pfahlbauten-von-weyregg-xgaCvw.jpg?fit=800%2C450&amp;ssl=1\" data-orig-size=\"800,450\" data-comments-opened=\"1\" data-image-meta=\"{&quot;aperture&quot;:&quot;0&quot;,&quot;credit&quot;:&quot;&quot;,&quot;camera&quot;:&quot;&quot;,&quot;caption&quot;:&quot;&quot;,&quot;created_timestamp&quot;:&quot;0&quot;,&quot;copyright&quot;:&quot;&quot;,&quot;focal_length&quot;:&quot;0&quot;,&quot;iso&quot;:&quot;0&quot;,&quot;shutter_speed&quot;:&quot;0&quot;,&quot;title&quot;:&quot;&quot;,&quot;orientation&quot;:&quot;0&quot;,&quot;alt&quot;:&quot;&quot;}\" data-image-title=\"1492512481.4641-tag-der-offenen-unterwasser-ausgrabung-bei-den-pfahlbauten-von-weyregg-xgaCvw\" data-image-description=\"\" data-image-caption=\"&lt;p&gt;Photo: Kuratorium Pfahlbauten \/O\u00d6LM&lt;\/p&gt;\" data-large-file=\"https:\/\/i0.wp.com\/carmenloew.com\/wp-content\/uploads\/2026\/08\/1492512481.4641-tag-der-offenen-unterwasser-ausgrabung-bei-den-pfahlbauten-von-weyregg-xgaCvw.jpg?fit=800%2C450&amp;ssl=1\" \/><\/a><\/figure><\/div>\n<\/div>\n\n\n<div class=\"wp-block-post-excerpt\"><p class=\"wp-block-post-excerpt__excerpt\">Solange ich in der Kommunikation arbeite, h\u00f6re ich S\u00e4tze wie: Wir brauchen eine Website! Wir brauchen eine Pressemitteilung! Wir planen einen Blogbeitrag oder einen Information Call. Meine Reaktion darauf war meistens eine Frage: Brauchen wir das wirklich? Nicht, weil ich unh\u00f6flich sein wollte, sondern weil ich verstehen wollte, warum gerade dieses Format gew\u00e4hlt wurde. Bei&hellip;<\/p><p class=\"wp-block-post-excerpt__more-text\"><a class=\"wp-block-post-excerpt__more-link\" href=\"https:\/\/carmenloew.com\/en\/gute-wissenschaftskommunikation-beginnt-mit-targets\/\">Read more<\/a><\/p><\/div><\/div>\n\n<\/li><li class=\"wp-block-post post-1577 post type-post status-publish format-standard has-post-thumbnail hentry category-allgemein\">\n\n<div class=\"wp-block-group is-layout-constrained wp-container-core-group-is-layout-fb14faca wp-block-group-is-layout-constrained\" style=\"padding-bottom:3rem\">\n<div class=\"wp-block-group is-layout-constrained wp-container-core-group-is-layout-842e55c2 wp-block-group-is-layout-constrained\"><div class=\"wp-block-post-date\"><time datetime=\"2026-08-07T14:28:30+02:00\">7. August 2026<\/time><\/div>\n\n<h2 style=\"font-style:normal;font-weight:700\" class=\"has-link-color wp-elements-3 wp-block-post-title\"><a href=\"https:\/\/carmenloew.com\/en\/gute-wissenschaftskommunikation-ist-ein-oekosystem\/\" target=\"_self\" >Good science communication is an ecosystem<\/a><\/h2><\/div>\n\n\n\n<div class=\"wp-block-columns is-layout-flex wp-container-core-columns-is-layout-f56f613f wp-block-columns-is-layout-flex\">\n<div class=\"wp-block-column is-layout-flow wp-block-column-is-layout-flow\" style=\"flex-basis:100%\"><figure class=\"wp-block-post-featured-image wp-duotone-unset-3\"><a href=\"https:\/\/carmenloew.com\/en\/gute-wissenschaftskommunikation-ist-ein-oekosystem\/\" target=\"_self\" ><img loading=\"lazy\" decoding=\"async\" width=\"1024\" height=\"601\" src=\"https:\/\/i0.wp.com\/carmenloew.com\/wp-content\/uploads\/2026\/08\/Underwater_Scientist.png?fit=1024%2C601&amp;ssl=1\" class=\"attachment-large size-large wp-post-image\" alt=\"Gute Wissenschaftskommunikation ist ein \u00d6kosystem\" style=\"aspect-ratio:4\/3;width:100%;object-fit:cover;\" srcset=\"https:\/\/i0.wp.com\/carmenloew.com\/wp-content\/uploads\/2026\/08\/Underwater_Scientist.png?w=1294&amp;ssl=1 1294w, https:\/\/i0.wp.com\/carmenloew.com\/wp-content\/uploads\/2026\/08\/Underwater_Scientist.png?resize=300%2C176&amp;ssl=1 300w, https:\/\/i0.wp.com\/carmenloew.com\/wp-content\/uploads\/2026\/08\/Underwater_Scientist.png?resize=1024%2C601&amp;ssl=1 1024w, https:\/\/i0.wp.com\/carmenloew.com\/wp-content\/uploads\/2026\/08\/Underwater_Scientist.png?resize=768%2C450&amp;ssl=1 768w, https:\/\/i0.wp.com\/carmenloew.com\/wp-content\/uploads\/2026\/08\/Underwater_Scientist.png?resize=18%2C12&amp;ssl=1 18w\" sizes=\"auto, (max-width: 1000px) 100vw, 1000px\" data-attachment-id=\"1585\" data-permalink=\"https:\/\/carmenloew.com\/en\/gute-wissenschaftskommunikation-ist-ein-oekosystem\/underwater_scientist\/\" data-orig-file=\"https:\/\/i0.wp.com\/carmenloew.com\/wp-content\/uploads\/2026\/08\/Underwater_Scientist.png?fit=1294%2C759&amp;ssl=1\" data-orig-size=\"1294,759\" data-comments-opened=\"1\" data-image-meta=\"{&quot;aperture&quot;:&quot;0&quot;,&quot;credit&quot;:&quot;&quot;,&quot;camera&quot;:&quot;&quot;,&quot;caption&quot;:&quot;&quot;,&quot;created_timestamp&quot;:&quot;0&quot;,&quot;copyright&quot;:&quot;&quot;,&quot;focal_length&quot;:&quot;0&quot;,&quot;iso&quot;:&quot;0&quot;,&quot;shutter_speed&quot;:&quot;0&quot;,&quot;title&quot;:&quot;&quot;,&quot;orientation&quot;:&quot;0&quot;,&quot;alt&quot;:&quot;&quot;}\" data-image-title=\"Underwater_Scientist\" data-image-description=\"\" data-image-caption=\"\" data-large-file=\"https:\/\/i0.wp.com\/carmenloew.com\/wp-content\/uploads\/2026\/08\/Underwater_Scientist.png?fit=1024%2C601&amp;ssl=1\" \/><\/a><\/figure><\/div>\n<\/div>\n\n\n<div class=\"wp-block-post-excerpt\"><p class=\"wp-block-post-excerpt__excerpt\">Ein gro\u00dfer Teil meiner Arbeit findet dort statt, wo Strategie, Transformation und Kommunikation zusammenkommen. Wissenschaftskommunikation ist eines der deutlichsten Beispiele daf\u00fcr, warum dieses Zusammenspiel wichtig ist. Komplexe Forschung zug\u00e4nglich zu machen, ist nicht einfach eine Frage guter Erkl\u00e4rungen. Unterschiedliche Zielgruppen bringen unterschiedliches Vorwissen, unterschiedliche Interessen und unterschiedliche Gr\u00fcnde mit, sich mit einem Thema auseinanderzusetzen. Ein&hellip;<\/p><p class=\"wp-block-post-excerpt__more-text\"><a class=\"wp-block-post-excerpt__more-link\" href=\"https:\/\/carmenloew.com\/en\/gute-wissenschaftskommunikation-ist-ein-oekosystem\/\">Read more<\/a><\/p><\/div><\/div>\n\n<\/li><li class=\"wp-block-post post-1549 post type-post status-publish format-standard has-post-thumbnail hentry category-allgemein\">\n\n<div class=\"wp-block-group is-layout-constrained wp-container-core-group-is-layout-fb14faca wp-block-group-is-layout-constrained\" style=\"padding-bottom:3rem\">\n<div class=\"wp-block-group is-layout-constrained wp-container-core-group-is-layout-842e55c2 wp-block-group-is-layout-constrained\"><div class=\"wp-block-post-date\"><time datetime=\"2026-07-17T11:15:29+02:00\">17. July 2026<\/time><\/div>\n\n<h2 style=\"font-style:normal;font-weight:700\" class=\"has-link-color wp-elements-4 wp-block-post-title\"><a href=\"https:\/\/carmenloew.com\/en\/stellschrauben-der-meetingkultur-hebel-fuer-die-organisationsentwicklung-im-kleinen\/\" target=\"_self\" >The Hidden Levers of Meeting Culture \u2013 Organizational Development at Its Smallest Scale<\/a><\/h2><\/div>\n\n\n\n<div class=\"wp-block-columns is-layout-flex wp-container-core-columns-is-layout-f56f613f wp-block-columns-is-layout-flex\">\n<div class=\"wp-block-column is-layout-flow wp-block-column-is-layout-flow\" style=\"flex-basis:100%\"><figure class=\"wp-block-post-featured-image wp-duotone-unset-4\"><a href=\"https:\/\/carmenloew.com\/en\/stellschrauben-der-meetingkultur-hebel-fuer-die-organisationsentwicklung-im-kleinen\/\" target=\"_self\" ><img loading=\"lazy\" decoding=\"async\" width=\"1024\" height=\"682\" src=\"https:\/\/i0.wp.com\/carmenloew.com\/wp-content\/uploads\/2026\/07\/pexels-photo-4872018.jpeg?fit=1024%2C682&amp;ssl=1\" class=\"attachment-large size-large wp-post-image\" alt=\"Stellschrauben der Meetingkultur \u2013 Hebel f\u00fcr die Organisationsentwicklung im Kleinen\" style=\"aspect-ratio:4\/3;width:100%;object-fit:cover;\" srcset=\"https:\/\/i0.wp.com\/carmenloew.com\/wp-content\/uploads\/2026\/07\/pexels-photo-4872018.jpeg?w=1880&amp;ssl=1 1880w, https:\/\/i0.wp.com\/carmenloew.com\/wp-content\/uploads\/2026\/07\/pexels-photo-4872018.jpeg?resize=300%2C200&amp;ssl=1 300w, https:\/\/i0.wp.com\/carmenloew.com\/wp-content\/uploads\/2026\/07\/pexels-photo-4872018.jpeg?resize=1024%2C682&amp;ssl=1 1024w, https:\/\/i0.wp.com\/carmenloew.com\/wp-content\/uploads\/2026\/07\/pexels-photo-4872018.jpeg?resize=768%2C512&amp;ssl=1 768w, https:\/\/i0.wp.com\/carmenloew.com\/wp-content\/uploads\/2026\/07\/pexels-photo-4872018.jpeg?resize=1536%2C1024&amp;ssl=1 1536w, https:\/\/i0.wp.com\/carmenloew.com\/wp-content\/uploads\/2026\/07\/pexels-photo-4872018.jpeg?resize=18%2C12&amp;ssl=1 18w, https:\/\/i0.wp.com\/carmenloew.com\/wp-content\/uploads\/2026\/07\/pexels-photo-4872018.jpeg?resize=1200%2C800&amp;ssl=1 1200w\" sizes=\"auto, (max-width: 1000px) 100vw, 1000px\" data-attachment-id=\"1554\" data-permalink=\"https:\/\/carmenloew.com\/en\/stellschrauben-der-meetingkultur-hebel-fuer-die-organisationsentwicklung-im-kleinen\/pexels-photo-4872018\/\" data-orig-file=\"https:\/\/i0.wp.com\/carmenloew.com\/wp-content\/uploads\/2026\/07\/pexels-photo-4872018.jpeg?fit=1880%2C1253&amp;ssl=1\" data-orig-size=\"1880,1253\" data-comments-opened=\"1\" data-image-meta=\"{&quot;aperture&quot;:&quot;0&quot;,&quot;credit&quot;:&quot;FaustFoto&quot;,&quot;camera&quot;:&quot;&quot;,&quot;caption&quot;:&quot;Photo by Gustavo Fring on &lt;a href=\\&quot;https:\/\/www.pexels.com\/photo\/people-on-meeting-at-work-4872018\/\\&quot; rel=\\&quot;nofollow\\&quot;&gt;Pexels.com&lt;\/a&gt;&quot;,&quot;created_timestamp&quot;:&quot;0&quot;,&quot;copyright&quot;:&quot;&quot;,&quot;focal_length&quot;:&quot;0&quot;,&quot;iso&quot;:&quot;0&quot;,&quot;shutter_speed&quot;:&quot;0&quot;,&quot;title&quot;:&quot;people on meeting at work&quot;,&quot;orientation&quot;:&quot;1&quot;,&quot;alt&quot;:&quot;&quot;}\" data-image-title=\"pexels-photo-4872018\" data-image-description=\"\" data-image-caption=\"&lt;p&gt;Photo by Gustavo Fring on &lt;a href=&quot;https:\/\/www.pexels.com\/photo\/people-on-meeting-at-work-4872018\/&quot; rel=&quot;nofollow&quot;&gt;Pexels.com&lt;\/a&gt;&lt;\/p&gt;\" data-large-file=\"https:\/\/i0.wp.com\/carmenloew.com\/wp-content\/uploads\/2026\/07\/pexels-photo-4872018.jpeg?fit=1024%2C682&amp;ssl=1\" \/><\/a><\/figure><\/div>\n<\/div>\n\n\n<div class=\"wp-block-post-excerpt\"><p class=\"wp-block-post-excerpt__excerpt\">Meetings haben keinen besonders guten Ruf. Sie gelten als Zeitfresser, Pflichttermine oder als Synonym f\u00fcr mangelnde Effizienz. Fast alle Unternehmen und Organisationen, in die ich einen tieferen Einblick gewinnen konnte, versuchen deshalb, ihre Meetingkultur zu verbessern. Meist geht es um k\u00fcrzere Agenden, die Einhaltung des Zeitrahmens und die Zahl der Teilnehmenden. Die Grundlagen sind bekannt:&hellip;<\/p><p class=\"wp-block-post-excerpt__more-text\"><a class=\"wp-block-post-excerpt__more-link\" href=\"https:\/\/carmenloew.com\/en\/stellschrauben-der-meetingkultur-hebel-fuer-die-organisationsentwicklung-im-kleinen\/\">Read more<\/a><\/p><\/div><\/div>\n\n<\/li><li class=\"wp-block-post post-1535 post type-post status-publish format-standard has-post-thumbnail hentry category-allgemein\">\n\n<div class=\"wp-block-group is-layout-constrained wp-container-core-group-is-layout-fb14faca wp-block-group-is-layout-constrained\" style=\"padding-bottom:3rem\">\n<div class=\"wp-block-group is-layout-constrained wp-container-core-group-is-layout-842e55c2 wp-block-group-is-layout-constrained\"><div class=\"wp-block-post-date\"><time datetime=\"2026-07-07T10:05:07+02:00\">7. July 2026<\/time><\/div>\n\n<h2 style=\"font-style:normal;font-weight:700\" class=\"has-link-color wp-elements-5 wp-block-post-title\"><a href=\"https:\/\/carmenloew.com\/en\/strategische-kommunikation-wie-sichtbarkeit-entsteht\/\" target=\"_self\" >Strategic Communication: How Visibility Is Created<\/a><\/h2><\/div>\n\n\n\n<div class=\"wp-block-columns is-layout-flex wp-container-core-columns-is-layout-f56f613f wp-block-columns-is-layout-flex\">\n<div class=\"wp-block-column is-layout-flow wp-block-column-is-layout-flow\" style=\"flex-basis:100%\"><figure class=\"wp-block-post-featured-image wp-duotone-unset-5\"><a href=\"https:\/\/carmenloew.com\/en\/strategische-kommunikation-wie-sichtbarkeit-entsteht\/\" target=\"_self\" ><img loading=\"lazy\" decoding=\"async\" width=\"1024\" height=\"576\" src=\"https:\/\/i0.wp.com\/carmenloew.com\/wp-content\/uploads\/2026\/07\/StratComms_CreationOfVisibility.png?fit=1024%2C576&amp;ssl=1\" class=\"attachment-large size-large wp-post-image\" alt=\"Strategische Kommunikation: Wie Sichtbarkeit entsteht\" style=\"aspect-ratio:4\/3;width:100%;object-fit:cover;\" srcset=\"https:\/\/i0.wp.com\/carmenloew.com\/wp-content\/uploads\/2026\/07\/StratComms_CreationOfVisibility.png?w=1672&amp;ssl=1 1672w, https:\/\/i0.wp.com\/carmenloew.com\/wp-content\/uploads\/2026\/07\/StratComms_CreationOfVisibility.png?resize=300%2C169&amp;ssl=1 300w, https:\/\/i0.wp.com\/carmenloew.com\/wp-content\/uploads\/2026\/07\/StratComms_CreationOfVisibility.png?resize=1024%2C576&amp;ssl=1 1024w, https:\/\/i0.wp.com\/carmenloew.com\/wp-content\/uploads\/2026\/07\/StratComms_CreationOfVisibility.png?resize=768%2C432&amp;ssl=1 768w, https:\/\/i0.wp.com\/carmenloew.com\/wp-content\/uploads\/2026\/07\/StratComms_CreationOfVisibility.png?resize=1536%2C864&amp;ssl=1 1536w, https:\/\/i0.wp.com\/carmenloew.com\/wp-content\/uploads\/2026\/07\/StratComms_CreationOfVisibility.png?resize=18%2C10&amp;ssl=1 18w\" sizes=\"auto, (max-width: 1000px) 100vw, 1000px\" data-attachment-id=\"1540\" data-permalink=\"https:\/\/carmenloew.com\/en\/strategische-kommunikation-wie-sichtbarkeit-entsteht\/stratcomms_creationofvisibility\/\" data-orig-file=\"https:\/\/i0.wp.com\/carmenloew.com\/wp-content\/uploads\/2026\/07\/StratComms_CreationOfVisibility.png?fit=1672%2C941&amp;ssl=1\" data-orig-size=\"1672,941\" data-comments-opened=\"1\" data-image-meta=\"{&quot;aperture&quot;:&quot;0&quot;,&quot;credit&quot;:&quot;&quot;,&quot;camera&quot;:&quot;&quot;,&quot;caption&quot;:&quot;&quot;,&quot;created_timestamp&quot;:&quot;0&quot;,&quot;copyright&quot;:&quot;&quot;,&quot;focal_length&quot;:&quot;0&quot;,&quot;iso&quot;:&quot;0&quot;,&quot;shutter_speed&quot;:&quot;0&quot;,&quot;title&quot;:&quot;&quot;,&quot;orientation&quot;:&quot;0&quot;,&quot;alt&quot;:&quot;&quot;}\" data-image-title=\"StratComms_CreationOfVisibility\" data-image-description=\"\" data-image-caption=\"\" data-large-file=\"https:\/\/i0.wp.com\/carmenloew.com\/wp-content\/uploads\/2026\/07\/StratComms_CreationOfVisibility.png?fit=1024%2C576&amp;ssl=1\" \/><\/a><\/figure><\/div>\n<\/div>\n\n\n<div class=\"wp-block-post-excerpt\"><p class=\"wp-block-post-excerpt__excerpt\">Wenn \u00fcber Kommunikation gesprochen wird, geht es oft zuerst um Kan\u00e4le: LinkedIn, Website, Pressemitteilung, Event. Das ist verst\u00e4ndlich. Es sind die sichtbaren Teile von Kommunikation. Das, was Menschen sehen, anklicken, weiterleiten, diskutieren oder ignorieren. Strategische Kommunikation beginnt aber nicht mit einem Kanal. Sie beginnt mit einer grundlegenderen Frage: Was muss verstanden werden, von wem, bis&hellip;<\/p><p class=\"wp-block-post-excerpt__more-text\"><a class=\"wp-block-post-excerpt__more-link\" href=\"https:\/\/carmenloew.com\/en\/strategische-kommunikation-wie-sichtbarkeit-entsteht\/\">Read more<\/a><\/p><\/div><\/div>\n\n<\/li><li class=\"wp-block-post post-1509 post type-post status-publish format-standard has-post-thumbnail hentry category-allgemein\">\n\n<div class=\"wp-block-group is-layout-constrained wp-container-core-group-is-layout-fb14faca wp-block-group-is-layout-constrained\" style=\"padding-bottom:3rem\">\n<div class=\"wp-block-group is-layout-constrained wp-container-core-group-is-layout-842e55c2 wp-block-group-is-layout-constrained\"><div class=\"wp-block-post-date\"><time datetime=\"2026-06-12T18:57:58+02:00\">12. June 2026<\/time><\/div>\n\n<h2 style=\"font-style:normal;font-weight:700\" class=\"has-link-color wp-elements-6 wp-block-post-title\"><a href=\"https:\/\/carmenloew.com\/en\/der-rote-faden-mein-nichtlinearer-sehr-geradliniger-karriereweg\/\" target=\"_self\" >The Red Thread: My Non-Linear, Very Linear Career Path<\/a><\/h2><\/div>\n\n\n\n<div class=\"wp-block-columns is-layout-flex wp-container-core-columns-is-layout-f56f613f wp-block-columns-is-layout-flex\">\n<div class=\"wp-block-column is-layout-flow wp-block-column-is-layout-flow\" style=\"flex-basis:100%\"><figure class=\"wp-block-post-featured-image wp-duotone-unset-6\"><a href=\"https:\/\/carmenloew.com\/en\/der-rote-faden-mein-nichtlinearer-sehr-geradliniger-karriereweg\/\" target=\"_self\" ><img loading=\"lazy\" decoding=\"async\" width=\"1024\" height=\"682\" src=\"https:\/\/i0.wp.com\/carmenloew.com\/wp-content\/uploads\/2026\/06\/pexels-photo-7670022.jpeg?fit=1024%2C682&amp;ssl=1\" class=\"attachment-large size-large wp-post-image\" alt=\"Der rote Faden: Mein nichtlinearer, sehr geradliniger Karriereweg\" style=\"aspect-ratio:4\/3;width:100%;object-fit:cover;\" srcset=\"https:\/\/i0.wp.com\/carmenloew.com\/wp-content\/uploads\/2026\/06\/pexels-photo-7670022.jpeg?w=1880&amp;ssl=1 1880w, https:\/\/i0.wp.com\/carmenloew.com\/wp-content\/uploads\/2026\/06\/pexels-photo-7670022.jpeg?resize=300%2C200&amp;ssl=1 300w, https:\/\/i0.wp.com\/carmenloew.com\/wp-content\/uploads\/2026\/06\/pexels-photo-7670022.jpeg?resize=1024%2C682&amp;ssl=1 1024w, https:\/\/i0.wp.com\/carmenloew.com\/wp-content\/uploads\/2026\/06\/pexels-photo-7670022.jpeg?resize=768%2C512&amp;ssl=1 768w, https:\/\/i0.wp.com\/carmenloew.com\/wp-content\/uploads\/2026\/06\/pexels-photo-7670022.jpeg?resize=1536%2C1024&amp;ssl=1 1536w, https:\/\/i0.wp.com\/carmenloew.com\/wp-content\/uploads\/2026\/06\/pexels-photo-7670022.jpeg?resize=18%2C12&amp;ssl=1 18w, https:\/\/i0.wp.com\/carmenloew.com\/wp-content\/uploads\/2026\/06\/pexels-photo-7670022.jpeg?resize=1200%2C800&amp;ssl=1 1200w\" sizes=\"auto, (max-width: 1000px) 100vw, 1000px\" data-attachment-id=\"1515\" data-permalink=\"https:\/\/carmenloew.com\/en\/der-rote-faden-mein-nichtlinearer-sehr-geradliniger-karriereweg\/pexels-photo-7670022\/\" data-orig-file=\"https:\/\/i0.wp.com\/carmenloew.com\/wp-content\/uploads\/2026\/06\/pexels-photo-7670022.jpeg?fit=1880%2C1253&amp;ssl=1\" data-orig-size=\"1880,1253\" data-comments-opened=\"1\" data-image-meta=\"{&quot;aperture&quot;:&quot;0&quot;,&quot;credit&quot;:&quot;&quot;,&quot;camera&quot;:&quot;&quot;,&quot;caption&quot;:&quot;Photo by cottonbro studio on &lt;a href=\\&quot;https:\/\/www.pexels.com\/photo\/a-connection-between-a-man-and-a-woman-7670022\/\\&quot; rel=\\&quot;nofollow\\&quot;&gt;Pexels.com&lt;\/a&gt;&quot;,&quot;created_timestamp&quot;:&quot;0&quot;,&quot;copyright&quot;:&quot;&quot;,&quot;focal_length&quot;:&quot;0&quot;,&quot;iso&quot;:&quot;0&quot;,&quot;shutter_speed&quot;:&quot;0&quot;,&quot;title&quot;:&quot;a connection between a man and a woman&quot;,&quot;orientation&quot;:&quot;1&quot;,&quot;alt&quot;:&quot;&quot;}\" data-image-title=\"pexels-photo-7670022\" data-image-description=\"\" data-image-caption=\"&lt;p&gt;Photo by cottonbro studio on &lt;a href=&quot;https:\/\/www.pexels.com\/photo\/a-connection-between-a-man-and-a-woman-7670022\/&quot; rel=&quot;nofollow&quot;&gt;Pexels.com&lt;\/a&gt;&lt;\/p&gt;\" data-large-file=\"https:\/\/i0.wp.com\/carmenloew.com\/wp-content\/uploads\/2026\/06\/pexels-photo-7670022.jpeg?fit=1024%2C682&amp;ssl=1\" \/><\/a><\/figure><\/div>\n<\/div>\n\n\n<div class=\"wp-block-post-excerpt\"><p class=\"wp-block-post-excerpt__excerpt\">Ich habe immer dort gearbeitet, wo Komplexit\u00e4t Struktur brauchte, wo Stakeholder sehr unterschiedlich waren und wo Strategie dort ankommen musste, wof\u00fcr sie gedacht war: in echten Organisationen, mit echten Menschen, unter echten Bedingungen. Von au\u00dfen sieht mein Weg nicht linear aus. Er f\u00fchrt durch arch\u00e4ologische Forschung und Kulturerbe-Management, den Kultur- und Bildungssektor, gemeinn\u00fctzige und privatwirtschaftliche&hellip;<\/p><p class=\"wp-block-post-excerpt__more-text\"><a class=\"wp-block-post-excerpt__more-link\" href=\"https:\/\/carmenloew.com\/en\/der-rote-faden-mein-nichtlinearer-sehr-geradliniger-karriereweg\/\">Read more<\/a><\/p><\/div><\/div>\n\n<\/li><li class=\"wp-block-post post-1491 post type-post status-publish format-standard has-post-thumbnail hentry category-allgemein\">\n\n<div class=\"wp-block-group is-layout-constrained wp-container-core-group-is-layout-fb14faca wp-block-group-is-layout-constrained\" style=\"padding-bottom:3rem\">\n<div class=\"wp-block-group is-layout-constrained wp-container-core-group-is-layout-842e55c2 wp-block-group-is-layout-constrained\"><div class=\"wp-block-post-date\"><time datetime=\"2026-06-03T18:20:16+02:00\">3. June 2026<\/time><\/div>\n\n<h2 style=\"font-style:normal;font-weight:700\" class=\"has-link-color wp-elements-7 wp-block-post-title\"><a href=\"https:\/\/carmenloew.com\/en\/der-big-bang-ansatz-wenn-veraenderung-zur-ueberlastung-wird\/\" target=\"_self\" >The Big Bang Approach: When Change Becomes Overload<\/a><\/h2><\/div>\n\n\n\n<div class=\"wp-block-columns is-layout-flex wp-container-core-columns-is-layout-f56f613f wp-block-columns-is-layout-flex\">\n<div class=\"wp-block-column is-layout-flow wp-block-column-is-layout-flow\" style=\"flex-basis:100%\"><figure class=\"wp-block-post-featured-image wp-duotone-unset-7\"><a href=\"https:\/\/carmenloew.com\/en\/der-big-bang-ansatz-wenn-veraenderung-zur-ueberlastung-wird\/\" target=\"_self\" ><img loading=\"lazy\" decoding=\"async\" width=\"1024\" height=\"918\" src=\"https:\/\/i0.wp.com\/carmenloew.com\/wp-content\/uploads\/2026\/06\/pexels-photo-30054594.jpeg?fit=1024%2C918&amp;ssl=1\" class=\"attachment-large size-large wp-post-image\" alt=\"Der Big-Bang-Ansatz &#8211; Wenn Ver\u00e4nderung zur \u00dcberlastung wird\" style=\"aspect-ratio:4\/3;width:100%;object-fit:cover;\" srcset=\"https:\/\/i0.wp.com\/carmenloew.com\/wp-content\/uploads\/2026\/06\/pexels-photo-30054594.jpeg?w=1450&amp;ssl=1 1450w, https:\/\/i0.wp.com\/carmenloew.com\/wp-content\/uploads\/2026\/06\/pexels-photo-30054594.jpeg?resize=300%2C269&amp;ssl=1 300w, https:\/\/i0.wp.com\/carmenloew.com\/wp-content\/uploads\/2026\/06\/pexels-photo-30054594.jpeg?resize=1024%2C918&amp;ssl=1 1024w, https:\/\/i0.wp.com\/carmenloew.com\/wp-content\/uploads\/2026\/06\/pexels-photo-30054594.jpeg?resize=768%2C689&amp;ssl=1 768w, https:\/\/i0.wp.com\/carmenloew.com\/wp-content\/uploads\/2026\/06\/pexels-photo-30054594.jpeg?resize=13%2C12&amp;ssl=1 13w, https:\/\/i0.wp.com\/carmenloew.com\/wp-content\/uploads\/2026\/06\/pexels-photo-30054594.jpeg?resize=1200%2C1076&amp;ssl=1 1200w\" sizes=\"auto, (max-width: 1000px) 100vw, 1000px\" data-attachment-id=\"1494\" data-permalink=\"https:\/\/carmenloew.com\/en\/der-big-bang-ansatz-wenn-veraenderung-zur-ueberlastung-wird\/pexels-photo-30054594\/\" data-orig-file=\"https:\/\/i0.wp.com\/carmenloew.com\/wp-content\/uploads\/2026\/06\/pexels-photo-30054594.jpeg?fit=1450%2C1300&amp;ssl=1\" data-orig-size=\"1450,1300\" data-comments-opened=\"1\" data-image-meta=\"{&quot;aperture&quot;:&quot;0&quot;,&quot;credit&quot;:&quot;&quot;,&quot;camera&quot;:&quot;&quot;,&quot;caption&quot;:&quot;Photo by Yihan Wang on &lt;a href=\\&quot;https:\/\/www.pexels.com\/photo\/stunning-stellar-nebula-in-deep-space-30054594\/\\&quot; rel=\\&quot;nofollow\\&quot;&gt;Pexels.com&lt;\/a&gt;&quot;,&quot;created_timestamp&quot;:&quot;0&quot;,&quot;copyright&quot;:&quot;&quot;,&quot;focal_length&quot;:&quot;0&quot;,&quot;iso&quot;:&quot;0&quot;,&quot;shutter_speed&quot;:&quot;0&quot;,&quot;title&quot;:&quot;stunning stellar nebula in deep space&quot;,&quot;orientation&quot;:&quot;0&quot;,&quot;alt&quot;:&quot;&quot;}\" data-image-title=\"pexels-photo-30054594\" data-image-description=\"\" data-image-caption=\"&lt;p&gt;Photo by Yihan Wang on &lt;a href=&quot;https:\/\/www.pexels.com\/photo\/stunning-stellar-nebula-in-deep-space-30054594\/&quot; rel=&quot;nofollow&quot;&gt;Pexels.com&lt;\/a&gt;&lt;\/p&gt;\" data-large-file=\"https:\/\/i0.wp.com\/carmenloew.com\/wp-content\/uploads\/2026\/06\/pexels-photo-30054594.jpeg?fit=1024%2C918&amp;ssl=1\" \/><\/a><\/figure><\/div>\n<\/div>\n\n\n<div class=\"wp-block-post-excerpt\"><p class=\"wp-block-post-excerpt__excerpt\">Viele Change- und Transformationsinitiativen erreichen Mitarbeitende mit wenig oder keiner Vorwarnung. Aus ihrer Perspektive tauchen sie oft nahezu aus dem Nichts auf. Vielleicht gab es verschlossene T\u00fcren, hinter denen sich alle wichtigen Personen trafen. Vielleicht sind im Flurfunk bereits erste Ger\u00fcchte aufgetaucht. Aber nichts war klar, best\u00e4tigt oder erkl\u00e4rbar. Bis pl\u00f6tzlich eine Ank\u00fcndigung von oben&hellip;<\/p><p class=\"wp-block-post-excerpt__more-text\"><a class=\"wp-block-post-excerpt__more-link\" href=\"https:\/\/carmenloew.com\/en\/der-big-bang-ansatz-wenn-veraenderung-zur-ueberlastung-wird\/\">Read more<\/a><\/p><\/div><\/div>\n\n<\/li><li class=\"wp-block-post post-1457 post type-post status-publish format-standard has-post-thumbnail hentry category-allgemein\">\n\n<div class=\"wp-block-group is-layout-constrained wp-container-core-group-is-layout-fb14faca wp-block-group-is-layout-constrained\" style=\"padding-bottom:3rem\">\n<div class=\"wp-block-group is-layout-constrained wp-container-core-group-is-layout-842e55c2 wp-block-group-is-layout-constrained\"><div class=\"wp-block-post-date\"><time datetime=\"2026-05-29T09:49:18+02:00\">29. May 2026<\/time><\/div>\n\n<h2 style=\"font-style:normal;font-weight:700\" class=\"has-link-color wp-elements-8 wp-block-post-title\"><a href=\"https:\/\/carmenloew.com\/en\/die-label-falle-warum-nicht-jeder-change-eine-transformation-ist\/\" target=\"_self\" >The Label Trap - Not Every Change Is Transformation<\/a><\/h2><\/div>\n\n\n\n<div class=\"wp-block-columns is-layout-flex wp-container-core-columns-is-layout-f56f613f wp-block-columns-is-layout-flex\">\n<div class=\"wp-block-column is-layout-flow wp-block-column-is-layout-flow\" style=\"flex-basis:100%\"><figure class=\"wp-block-post-featured-image wp-duotone-unset-8\"><a href=\"https:\/\/carmenloew.com\/en\/die-label-falle-warum-nicht-jeder-change-eine-transformation-ist\/\" target=\"_self\" ><img loading=\"lazy\" decoding=\"async\" width=\"1024\" height=\"572\" src=\"https:\/\/i0.wp.com\/carmenloew.com\/wp-content\/uploads\/2026\/05\/carmen-loew-6a1944bc78d08.png?fit=1024%2C572&amp;ssl=1\" class=\"attachment-large size-large wp-post-image\" alt=\"Die Label Falle &#8211; Warum nicht jeder Change eine Transformation ist\" style=\"aspect-ratio:4\/3;width:100%;object-fit:cover;\" srcset=\"https:\/\/i0.wp.com\/carmenloew.com\/wp-content\/uploads\/2026\/05\/carmen-loew-6a1944bc78d08.png?w=1376&amp;ssl=1 1376w, https:\/\/i0.wp.com\/carmenloew.com\/wp-content\/uploads\/2026\/05\/carmen-loew-6a1944bc78d08.png?resize=300%2C167&amp;ssl=1 300w, https:\/\/i0.wp.com\/carmenloew.com\/wp-content\/uploads\/2026\/05\/carmen-loew-6a1944bc78d08.png?resize=1024%2C572&amp;ssl=1 1024w, https:\/\/i0.wp.com\/carmenloew.com\/wp-content\/uploads\/2026\/05\/carmen-loew-6a1944bc78d08.png?resize=768%2C429&amp;ssl=1 768w, https:\/\/i0.wp.com\/carmenloew.com\/wp-content\/uploads\/2026\/05\/carmen-loew-6a1944bc78d08.png?resize=18%2C10&amp;ssl=1 18w\" sizes=\"auto, (max-width: 1000px) 100vw, 1000px\" data-attachment-id=\"1469\" data-permalink=\"https:\/\/carmenloew.com\/en\/carmen-loew-6a1944bc78d08\/\" data-orig-file=\"https:\/\/i0.wp.com\/carmenloew.com\/wp-content\/uploads\/2026\/05\/carmen-loew-6a1944bc78d08.png?fit=1376%2C768&amp;ssl=1\" data-orig-size=\"1376,768\" data-comments-opened=\"1\" data-image-meta=\"{&quot;aperture&quot;:&quot;0&quot;,&quot;credit&quot;:&quot;&quot;,&quot;camera&quot;:&quot;&quot;,&quot;caption&quot;:&quot;&quot;,&quot;created_timestamp&quot;:&quot;0&quot;,&quot;copyright&quot;:&quot;&quot;,&quot;focal_length&quot;:&quot;0&quot;,&quot;iso&quot;:&quot;0&quot;,&quot;shutter_speed&quot;:&quot;0&quot;,&quot;title&quot;:&quot;&quot;,&quot;orientation&quot;:&quot;0&quot;,&quot;alt&quot;:&quot;&quot;}\" data-image-title=\"Workspace Focused on Change and Transformation\" data-image-description=\"&lt;p&gt;The image shows a wooden desk setup with a laptop open to a document, a mug labeled &amp;#8218;COFFEE &amp;#038; IDEAS&amp;#8216; containing a spoon, and a notebook with handwritten notes and a pen resting on it. Two cards are prominently placed on the desk with the words &amp;#8218;CHANGE&amp;#8216; and &amp;#8218;TRANSFORMATION&amp;#8216; written in black marker. A green potted plant adds a touch of nature to the scene. The composition suggests a thoughtful and creative work environment focused on personal or professional growth concepts.&lt;\/p&gt;\" data-image-caption=\"&lt;p&gt;A rustic workspace featuring motivational notes on change and transformation next to a laptop and coffee.&lt;\/p&gt;\" data-large-file=\"https:\/\/i0.wp.com\/carmenloew.com\/wp-content\/uploads\/2026\/05\/carmen-loew-6a1944bc78d08.png?fit=1024%2C572&amp;ssl=1\" \/><\/a><\/figure><\/div>\n<\/div>\n\n\n<div class=\"wp-block-post-excerpt\"><p class=\"wp-block-post-excerpt__excerpt\">Wenn man lange genug mit Change arbeitet, erkennt man irgendwann ein Muster: Pl\u00f6tzlich wird fast alles Transformation. Ein neues System, eine Reorganisation, eine Leadership-Initiative, manchmal sogar ein Trainingsprogramm. Das Wort hat Gewicht. Es klingt strategisch, ambitioniert und zukunftsorientiert. Es l\u00e4sst eine Initiative wichtig wirken, noch bevor die eigentliche Arbeit begonnen hat. Das Wort \u201eChange\u201c nehmen&hellip;<\/p><p class=\"wp-block-post-excerpt__more-text\"><a class=\"wp-block-post-excerpt__more-link\" href=\"https:\/\/carmenloew.com\/en\/die-label-falle-warum-nicht-jeder-change-eine-transformation-ist\/\">Read more<\/a><\/p><\/div><\/div>\n\n<\/li><li class=\"wp-block-post post-1423 post type-post status-publish format-standard has-post-thumbnail hentry category-allgemein\">\n\n<div class=\"wp-block-group is-layout-constrained wp-container-core-group-is-layout-fb14faca wp-block-group-is-layout-constrained\" style=\"padding-bottom:3rem\">\n<div class=\"wp-block-group is-layout-constrained wp-container-core-group-is-layout-842e55c2 wp-block-group-is-layout-constrained\"><div class=\"wp-block-post-date\"><time datetime=\"2026-05-19T10:49:45+02:00\">19. May 2026<\/time><\/div>\n\n<h2 style=\"font-style:normal;font-weight:700\" class=\"has-link-color wp-elements-9 wp-block-post-title\"><a href=\"https:\/\/carmenloew.com\/en\/krisenmanagement-wie-man-zeit-und-raum-schafft\/\" target=\"_self\" >Crisis Management: The Creation of Time and Space<\/a><\/h2><\/div>\n\n\n\n<div class=\"wp-block-columns is-layout-flex wp-container-core-columns-is-layout-f56f613f wp-block-columns-is-layout-flex\">\n<div class=\"wp-block-column is-layout-flow wp-block-column-is-layout-flow\" style=\"flex-basis:100%\"><figure class=\"wp-block-post-featured-image wp-duotone-unset-9\"><a href=\"https:\/\/carmenloew.com\/en\/krisenmanagement-wie-man-zeit-und-raum-schafft\/\" target=\"_self\" ><img loading=\"lazy\" decoding=\"async\" width=\"1024\" height=\"819\" src=\"https:\/\/i0.wp.com\/carmenloew.com\/wp-content\/uploads\/2026\/05\/pexels-photo-33348835.jpeg?fit=1024%2C819&amp;ssl=1\" class=\"attachment-large size-large wp-post-image\" alt=\"Krisenmanagement &#8211; Wie man Zeit und Raum schafft\" style=\"aspect-ratio:4\/3;width:100%;object-fit:cover;\" srcset=\"https:\/\/i0.wp.com\/carmenloew.com\/wp-content\/uploads\/2026\/05\/pexels-photo-33348835.jpeg?w=1625&amp;ssl=1 1625w, https:\/\/i0.wp.com\/carmenloew.com\/wp-content\/uploads\/2026\/05\/pexels-photo-33348835.jpeg?resize=300%2C240&amp;ssl=1 300w, https:\/\/i0.wp.com\/carmenloew.com\/wp-content\/uploads\/2026\/05\/pexels-photo-33348835.jpeg?resize=1024%2C819&amp;ssl=1 1024w, https:\/\/i0.wp.com\/carmenloew.com\/wp-content\/uploads\/2026\/05\/pexels-photo-33348835.jpeg?resize=768%2C614&amp;ssl=1 768w, https:\/\/i0.wp.com\/carmenloew.com\/wp-content\/uploads\/2026\/05\/pexels-photo-33348835.jpeg?resize=1536%2C1229&amp;ssl=1 1536w, https:\/\/i0.wp.com\/carmenloew.com\/wp-content\/uploads\/2026\/05\/pexels-photo-33348835.jpeg?resize=15%2C12&amp;ssl=1 15w, https:\/\/i0.wp.com\/carmenloew.com\/wp-content\/uploads\/2026\/05\/pexels-photo-33348835.jpeg?resize=1200%2C960&amp;ssl=1 1200w\" sizes=\"auto, (max-width: 1000px) 100vw, 1000px\" data-attachment-id=\"1428\" data-permalink=\"https:\/\/carmenloew.com\/en\/krisenmanagement-wie-man-zeit-und-raum-schafft\/pexels-photo-33348835\/\" data-orig-file=\"https:\/\/i0.wp.com\/carmenloew.com\/wp-content\/uploads\/2026\/05\/pexels-photo-33348835.jpeg?fit=1625%2C1300&amp;ssl=1\" data-orig-size=\"1625,1300\" data-comments-opened=\"1\" data-image-meta=\"{&quot;aperture&quot;:&quot;0&quot;,&quot;credit&quot;:&quot;&quot;,&quot;camera&quot;:&quot;&quot;,&quot;caption&quot;:&quot;Photo by Linkanathan M on &lt;a href=\\&quot;https:\/\/www.pexels.com\/photo\/silhouette-of-person-embracing-sunrise-in-tamil-nadu-33348835\/\\&quot; rel=\\&quot;nofollow\\&quot;&gt;Pexels.com&lt;\/a&gt;&quot;,&quot;created_timestamp&quot;:&quot;0&quot;,&quot;copyright&quot;:&quot;&quot;,&quot;focal_length&quot;:&quot;0&quot;,&quot;iso&quot;:&quot;0&quot;,&quot;shutter_speed&quot;:&quot;0&quot;,&quot;title&quot;:&quot;silhouette of person embracing sunrise in tamil nadu&quot;,&quot;orientation&quot;:&quot;0&quot;}\" data-image-title=\"pexels-photo-33348835\" data-image-description=\"\" data-image-caption=\"&lt;p&gt;Photo by Linkanathan M on &lt;a href=&quot;https:\/\/www.pexels.com\/photo\/silhouette-of-person-embracing-sunrise-in-tamil-nadu-33348835\/&quot; rel=&quot;nofollow&quot;&gt;Pexels.com&lt;\/a&gt;&lt;\/p&gt;\" data-large-file=\"https:\/\/i0.wp.com\/carmenloew.com\/wp-content\/uploads\/2026\/05\/pexels-photo-33348835.jpeg?fit=1024%2C819&amp;ssl=1\" \/><\/a><\/figure><\/div>\n<\/div>\n\n\n<div class=\"wp-block-post-excerpt\"><p class=\"wp-block-post-excerpt__excerpt\">In Krisensituationen fehlt fast immer dasselbe: Zeit. Die Dinge bekommen eine eigene Dynamik, scheinen sich zu verselbst\u00e4ndigen. Pl\u00f6tzlich wollen viele Menschen gleichzeitig etwas wissen: Betroffene wollen h\u00f6ren, wer verantwortlich ist, Mitarbeitende fragen, was sie sagen d\u00fcrfen, F\u00fchrungskr\u00e4fte wollen keine falschen Aussagen machen. W\u00e4hrend intern noch gekl\u00e4rt wird, welche Fakten belastbar sind, entstehen au\u00dfen l\u00e4ngst Ger\u00fcchte,&hellip;<\/p><p class=\"wp-block-post-excerpt__more-text\"><a class=\"wp-block-post-excerpt__more-link\" href=\"https:\/\/carmenloew.com\/en\/krisenmanagement-wie-man-zeit-und-raum-schafft\/\">Read more<\/a><\/p><\/div><\/div>\n\n<\/li><li class=\"wp-block-post post-1382 post type-post status-publish format-standard has-post-thumbnail hentry category-allgemein\">\n\n<div class=\"wp-block-group is-layout-constrained wp-container-core-group-is-layout-fb14faca wp-block-group-is-layout-constrained\" style=\"padding-bottom:3rem\">\n<div class=\"wp-block-group is-layout-constrained wp-container-core-group-is-layout-842e55c2 wp-block-group-is-layout-constrained\"><div class=\"wp-block-post-date\"><time datetime=\"2026-04-16T10:59:32+02:00\">16. April 2026<\/time><\/div>\n\n<h2 style=\"font-style:normal;font-weight:700\" class=\"has-link-color wp-elements-10 wp-block-post-title\"><a href=\"https:\/\/carmenloew.com\/en\/strategie-ist-selten-das-problem\/\" target=\"_self\" >Strategy Is Rarely the Problem<\/a><\/h2><\/div>\n\n\n\n<div class=\"wp-block-columns is-layout-flex wp-container-core-columns-is-layout-f56f613f wp-block-columns-is-layout-flex\">\n<div class=\"wp-block-column is-layout-flow wp-block-column-is-layout-flow\" style=\"flex-basis:100%\"><figure class=\"wp-block-post-featured-image wp-duotone-unset-10\"><a href=\"https:\/\/carmenloew.com\/en\/strategie-ist-selten-das-problem\/\" target=\"_self\" ><img loading=\"lazy\" decoding=\"async\" width=\"1024\" height=\"682\" src=\"https:\/\/i0.wp.com\/carmenloew.com\/wp-content\/uploads\/2026\/04\/pexels-photo-8427635.jpeg?fit=1024%2C682&amp;ssl=1\" class=\"attachment-large size-large wp-post-image\" alt=\"Strategie ist selten das Problem\" style=\"aspect-ratio:4\/3;width:100%;object-fit:cover;\" srcset=\"https:\/\/i0.wp.com\/carmenloew.com\/wp-content\/uploads\/2026\/04\/pexels-photo-8427635.jpeg?w=1880&amp;ssl=1 1880w, https:\/\/i0.wp.com\/carmenloew.com\/wp-content\/uploads\/2026\/04\/pexels-photo-8427635.jpeg?resize=300%2C200&amp;ssl=1 300w, https:\/\/i0.wp.com\/carmenloew.com\/wp-content\/uploads\/2026\/04\/pexels-photo-8427635.jpeg?resize=1024%2C682&amp;ssl=1 1024w, https:\/\/i0.wp.com\/carmenloew.com\/wp-content\/uploads\/2026\/04\/pexels-photo-8427635.jpeg?resize=768%2C512&amp;ssl=1 768w, https:\/\/i0.wp.com\/carmenloew.com\/wp-content\/uploads\/2026\/04\/pexels-photo-8427635.jpeg?resize=1536%2C1024&amp;ssl=1 1536w, https:\/\/i0.wp.com\/carmenloew.com\/wp-content\/uploads\/2026\/04\/pexels-photo-8427635.jpeg?resize=18%2C12&amp;ssl=1 18w, https:\/\/i0.wp.com\/carmenloew.com\/wp-content\/uploads\/2026\/04\/pexels-photo-8427635.jpeg?resize=1200%2C800&amp;ssl=1 1200w\" sizes=\"auto, (max-width: 1000px) 100vw, 1000px\" data-attachment-id=\"1385\" data-permalink=\"https:\/\/carmenloew.com\/en\/strategie-ist-selten-das-problem\/pexels-photo-8427635\/\" data-orig-file=\"https:\/\/i0.wp.com\/carmenloew.com\/wp-content\/uploads\/2026\/04\/pexels-photo-8427635.jpeg?fit=1880%2C1253&amp;ssl=1\" data-orig-size=\"1880,1253\" data-comments-opened=\"1\" data-image-meta=\"{&quot;aperture&quot;:&quot;0&quot;,&quot;credit&quot;:&quot;&quot;,&quot;camera&quot;:&quot;&quot;,&quot;caption&quot;:&quot;Photo by cottonbro studio on &lt;a href=\\&quot;https:\/\/www.pexels.com\/photo\/person-playing-chess-8427635\/\\&quot; rel=\\&quot;nofollow\\&quot;&gt;Pexels.com&lt;\/a&gt;&quot;,&quot;created_timestamp&quot;:&quot;0&quot;,&quot;copyright&quot;:&quot;&quot;,&quot;focal_length&quot;:&quot;0&quot;,&quot;iso&quot;:&quot;0&quot;,&quot;shutter_speed&quot;:&quot;0&quot;,&quot;title&quot;:&quot;person playing chess&quot;,&quot;orientation&quot;:&quot;0&quot;}\" data-image-title=\"pexels-photo-8427635\" data-image-description=\"\" data-image-caption=\"&lt;p&gt;Photo by cottonbro studio on &lt;a href=&quot;https:\/\/www.pexels.com\/photo\/person-playing-chess-8427635\/&quot; rel=&quot;nofollow&quot;&gt;Pexels.com&lt;\/a&gt;&lt;\/p&gt;\" data-large-file=\"https:\/\/i0.wp.com\/carmenloew.com\/wp-content\/uploads\/2026\/04\/pexels-photo-8427635.jpeg?fit=1024%2C682&amp;ssl=1\" \/><\/a><\/figure><\/div>\n<\/div>\n\n\n<div class=\"wp-block-post-excerpt\"><p class=\"wp-block-post-excerpt__excerpt\">Ich habe Strategie immer spannend gefunden. Nicht im Sinne von sch\u00f6nen Pr\u00e4sentationen oder gro\u00dfen Worten, sondern weil sie versucht, Richtung zu geben. Im Kern ist Strategie nichts anderes als eine bewusste Entscheidung dar\u00fcber, wo man hin will und worauf man sich konzentriert und worauf eben nicht. Das klingt einfach, ist in der Realit\u00e4t aber selten&hellip;<\/p><p class=\"wp-block-post-excerpt__more-text\"><a class=\"wp-block-post-excerpt__more-link\" href=\"https:\/\/carmenloew.com\/en\/strategie-ist-selten-das-problem\/\">Read more<\/a><\/p><\/div><\/div>\n\n<\/li><\/ul>\n\n<nav class=\"wp-block-query-pagination is-content-justification-space-between is-layout-flex wp-container-core-query-pagination-is-layout-e2853e1a wp-block-query-pagination-is-layout-flex\" aria-label=\"Pagination\">\n\n\n<div class=\"wp-block-query-pagination-numbers\"><span aria-current=\"page\" class=\"page-numbers current\">1<\/span>\n<a class=\"page-numbers\" href=\"?query-4-page=2\">2<\/a>\n<a class=\"page-numbers\" href=\"?query-4-page=3\">3<\/a><\/div>\n\n<a href=\"\/en\/wp-json\/wp\/v2\/pages\/374?query-4-page=2\" class=\"wp-block-query-pagination-next\">Next Page<span class='wp-block-query-pagination-next-arrow is-arrow-chevron' aria-hidden='true'>\u00bb<\/span><\/a>\n<\/nav><\/div>\n<\/div>","protected":false},"excerpt":{"rendered":"<p>AI transparency: I use AI tools as part of my research, writing and editorial process, including for structuring, language refinement and sparring. The ideas, professional perspectives, judgments and final editorial decisions are my own.<\/p>","protected":false},"author":219566177,"featured_media":0,"parent":0,"menu_order":0,"comment_status":"closed","ping_status":"closed","template":"","meta":{"advanced_seo_description":"","jetpack_seo_html_title":"","jetpack_seo_noindex":false,"jetpack_seo_schema_type":"","_wpcom_ai_launchpad_about_page":false,"_wpcom_ai_launchpad_gallery_page":false,"_wpcom_ai_launchpad_contact_page":false,"_wpcom_ai_launchpad_events_page":false,"_wpcom_ai_launchpad_video_page":false,"_wpcom_ai_launchpad_portfolio_piece":false,"footnotes":""},"class_list":["post-374","page","type-page","status-publish","hentry"],"jetpack_likes_enabled":true,"jetpack_sharing_enabled":true,"jetpack_shortlink":"https:\/\/wp.me\/PdRIiE-62","amp_enabled":true,"_links":{"self":[{"href":"https:\/\/carmenloew.com\/en\/wp-json\/wp\/v2\/pages\/374","targetHints":{"allow":["GET"]}}],"collection":[{"href":"https:\/\/carmenloew.com\/en\/wp-json\/wp\/v2\/pages"}],"about":[{"href":"https:\/\/carmenloew.com\/en\/wp-json\/wp\/v2\/types\/page"}],"author":[{"embeddable":true,"href":"https:\/\/carmenloew.com\/en\/wp-json\/wp\/v2\/users\/219566177"}],"replies":[{"embeddable":true,"href":"https:\/\/carmenloew.com\/en\/wp-json\/wp\/v2\/comments?post=374"}],"version-history":[{"count":6,"href":"https:\/\/carmenloew.com\/en\/wp-json\/wp\/v2\/pages\/374\/revisions"}],"predecessor-version":[{"id":1599,"href":"https:\/\/carmenloew.com\/en\/wp-json\/wp\/v2\/pages\/374\/revisions\/1599"}],"wp:attachment":[{"href":"https:\/\/carmenloew.com\/en\/wp-json\/wp\/v2\/media?parent=374"}],"curies":[{"name":"wp","href":"https:\/\/api.w.org\/{rel}","templated":true}]}}